{"id":3221,"date":"2024-07-04T01:46:35","date_gmt":"2024-07-04T01:46:35","guid":{"rendered":"https:\/\/ifsd.ca\/?page_id=3221"},"modified":"2024-09-17T20:55:05","modified_gmt":"2024-09-17T20:55:05","slug":"questions-frequemment-posees","status":"publish","type":"page","link":"https:\/\/ifsd.ca\/fr\/sefpn\/agences\/questions-frequemment-posees\/","title":{"rendered":"Questions fr\u00e9quemment pos\u00e9es"},"content":{"rendered":"\n<div class=\"wp-block-group alignfull has-bg-grey-background-color has-background has-global-padding is-layout-constrained wp-block-group-is-layout-constrained\">\n<div style=\"height:50px\" aria-hidden=\"true\" class=\"wp-block-spacer\"><\/div>\n\n\n<div class=\"wp-block-heading-with-line\"><div class=\"the-line\"><\/div>\n<h2 class=\"wp-block-heading has-text-align-center is-style-ifsd-heading-with-line has-dark-gold-color has-text-color has-link-color has-xx-large-font-size wp-elements-240ba785bf124d481d7c88a8047ab3e3\" style=\"padding-right:0;padding-left:1em;font-style:normal;font-weight:400;letter-spacing:1em\">SEFPN<\/h2>\n<\/div>\n\n\n<p class=\"is-style-ifsd-bold-on-hover-links has-ifsd-blue-color has-text-color has-link-color wp-elements-6f7507f00a044d8414499bed3c011736\"><a href=\"https:\/\/ifsd.ca\/fncfs\/agencies\/\" data-type=\"page\" data-id=\"634\"><i class=\"fas fa-angle-left\"><\/i> Retourner<\/a><\/p>\n\n\n\n<div style=\"height:24px\" aria-hidden=\"true\" class=\"wp-block-spacer\"><\/div>\n\n\n\n<div class=\"wp-block-columns is-layout-flex wp-container-core-columns-is-layout-28f84493 wp-block-columns-is-layout-flex\">\n<div class=\"wp-block-column is-layout-flow wp-block-column-is-layout-flow\">\n<h2 class=\"wp-block-heading is-style-ifsd-section-heading has-mega-font-size\"><strong>Agences de SEFPN<\/strong><\/h2>\n\n\n\n<h3 class=\"wp-block-heading is-style-ifsd-section-heading has-dark-gold-color has-text-color has-link-color has-mega-font-size wp-elements-b2fff84e0804f3e06e41fc07bc456b78\" style=\"margin-top:0;margin-bottom:0\">Questions fr\u00e9quemment pos\u00e9es<\/h3>\n<\/div>\n<\/div>\n\n\n\n<div style=\"height:50px\" aria-hidden=\"true\" class=\"wp-block-spacer\"><\/div>\n<\/div>\n\n\n\n<div class=\"wp-block-group alignfull is-style-ifsd-stretchable has-global-padding is-layout-constrained wp-block-group-is-layout-constrained\">\n<div style=\"height:50px\" aria-hidden=\"true\" class=\"wp-block-spacer\"><\/div>\n\n\n\n<h2 class=\"wp-block-heading is-style-ifsd-block-heading\">Au sujet du projet des SEFPN<\/h2>\n\n\n\n<div style=\"height:25px\" aria-hidden=\"true\" class=\"wp-block-spacer\"><\/div>\n\n\n\n<details class=\"wp-block-details is-style-ifsd-boxed-details is-layout-flow wp-block-details-is-layout-flow\"><summary><strong>Qu\u2019est-ce que l\u2019IFPD ?<\/strong><span class=\"details-toggle-marker\">\n<svg class=\"ifsd-svg-chevron ifsd-chevron-down\" xmlns=\"http:\/\/www.w3.org\/2000\/svg\" viewbox=\"0 0 100 100\" preserveAspectRatio=\"xMidYMid\">\n\t<g class=\"ifsd-svg-chevron-group\" stroke-width=\"2\">\n\t\t<line vector-effect=\"non-scaling-stroke\" class=\"ifsd-svg-chevron-line1\" x1=\"10\" y1=\"50\" x2=\"50\" y2=\"50\" \/>\n\t\t<line vector-effect=\"non-scaling-stroke\" class=\"ifsd-svg-chevron-line2\" x1=\"90\" y1=\"50\" x2=\"50\" y2=\"50\" \/>\n\t<\/g>    \n<\/svg><\/span><\/summary><div class=\"details-content-wrapper\"><div class=\"details-content-inner\">\n<p>L\u2019Institut des finances publiques et de la d\u00e9mocratie (IFPD) est un groupe de r\u00e9flexion canadien qui m\u00e8ne des recherches appliqu\u00e9es sur les finances publiques et leur intersection avec l\u2019administration publique, la politique et les politiques publiques. Sous la direction de M. Kevin Page, premier directeur parlementaire du budget (DPB) du Canada, l\u2019IFPD s\u2019int\u00e9resse \u00e0 tous les ordres de gouvernement au Canada et \u00e0 l\u2019\u00e9tranger.<\/p>\n\n\n\n<p>L\u2019IFPD est fier de poursuivre ses travaux sur les SEFPN. En prenant appui sur les phases 1 et 2, l\u2019IFPD continuera de d\u00e9velopper ses relations, ses connaissances et son r\u00f4le de tierce partie digne de confiance aupr\u00e8s des diverses parties prenantes qui interviennent dans le domaine des SEFPN.<\/p>\n<\/div><\/div><\/details>\n\n\n\n<details class=\"wp-block-details is-style-ifsd-boxed-details is-layout-flow wp-block-details-is-layout-flow\"><summary><strong>Pourquoi les Agences et les Premi\u00e8res Nations devraient-elles participer ?<\/strong><span class=\"details-toggle-marker\">\n<svg class=\"ifsd-svg-chevron ifsd-chevron-down\" xmlns=\"http:\/\/www.w3.org\/2000\/svg\" viewbox=\"0 0 100 100\" preserveAspectRatio=\"xMidYMid\">\n\t<g class=\"ifsd-svg-chevron-group\" stroke-width=\"2\">\n\t\t<line vector-effect=\"non-scaling-stroke\" class=\"ifsd-svg-chevron-line1\" x1=\"10\" y1=\"50\" x2=\"50\" y2=\"50\" \/>\n\t\t<line vector-effect=\"non-scaling-stroke\" class=\"ifsd-svg-chevron-line2\" x1=\"90\" y1=\"50\" x2=\"50\" y2=\"50\" \/>\n\t<\/g>    \n<\/svg><\/span><\/summary><div class=\"details-content-wrapper\"><div class=\"details-content-inner\">\n<p>Les agences des SEFPN et les Premi\u00e8res nations participantes disposeront de leurs propres mod\u00e8les financiers qu&rsquo;elles pourront utiliser pour la planification et la d\u00e9fense de leurs int\u00e9r\u00eats (en tenant compte des enfants, des familles et des communaut\u00e9s qu&rsquo;elles servent). &nbsp;Les contributions des agences des SEFPN participantes et des Premi\u00e8res nations permettront d&rsquo;affiner les approches de financement et de performance des SEFPN.&nbsp;<\/p>\n\n\n\n<p>L&rsquo;IFSD est reconnaissant envers les agences des SEFPN et les Premi\u00e8res Nations qui ont contribu\u00e9 et soutenu son travail dans le domaine des SEFPN.&nbsp;&nbsp;Votre participation rend ce travail possible.<\/p>\n<\/div><\/div><\/details>\n\n\n\n<details class=\"wp-block-details is-style-ifsd-boxed-details is-layout-flow wp-block-details-is-layout-flow\"><summary><strong>Pourquoi contribuer \u00e0 ce travail ?<\/strong><span class=\"details-toggle-marker\">\n<svg class=\"ifsd-svg-chevron ifsd-chevron-down\" xmlns=\"http:\/\/www.w3.org\/2000\/svg\" viewbox=\"0 0 100 100\" preserveAspectRatio=\"xMidYMid\">\n\t<g class=\"ifsd-svg-chevron-group\" stroke-width=\"2\">\n\t\t<line vector-effect=\"non-scaling-stroke\" class=\"ifsd-svg-chevron-line1\" x1=\"10\" y1=\"50\" x2=\"50\" y2=\"50\" \/>\n\t\t<line vector-effect=\"non-scaling-stroke\" class=\"ifsd-svg-chevron-line2\" x1=\"90\" y1=\"50\" x2=\"50\" y2=\"50\" \/>\n\t<\/g>    \n<\/svg><\/span><\/summary><div class=\"details-content-wrapper\"><div class=\"details-content-inner\">\n<p>En prenant appui sur les phases de travail pr\u00e9c\u00e9dentes (<a href=\"https:\/\/ifsd.ca\/wp-content\/uploads\/2024\/08\/ifsd-permettre-aux-enfants-des-premieres-nations-de-sepanouir-fevrier-2019.pdf\" target=\"_blank\" rel=\"noreferrer noopener\">phase 1<\/a>&nbsp;et&nbsp;<a href=\"https:\/\/ifsd.ca\/wp-content\/uploads\/2024\/08\/2021-01-05_final-report_fr_le-financement-des-services-a-lenfance-et-a-la-famille-des-premieres-nations.pdf\" target=\"_blank\" rel=\"noreferrer noopener\">phase 2<\/a>), le projet permettra d\u2019\u00e9laborer des mod\u00e8les d\u2019ex\u00e9cution distincts, dirig\u00e9s par chaque Premi\u00e8re Nation, qui auront un effet transformateur sur la strat\u00e9gie organisationnelle, les individus, les processus et les syst\u00e8mes.<\/p>\n\n\n\n<p>Il vise \u00e0 renforcer les capacit\u00e9s des agences et des Premi\u00e8res Nations et \u00e0 bonifier leur cadre de planification ascendante, tout en raffermissant le lien de confiance entre les intervenants.<\/p>\n\n\n\n<p>Pour arrimer ce travail aux r\u00e9alit\u00e9s des Premi\u00e8res Nations, l\u2019IFPD se fonde sur les exp\u00e9riences, les perspectives et les informations des collaborateurs de recherche.<\/p>\n<\/div><\/div><\/details>\n\n\n\n<details class=\"wp-block-details is-style-ifsd-boxed-details is-layout-flow wp-block-details-is-layout-flow\"><summary><strong>Quel est l\u2019objectif de la phase 3 du projet des SEFPN ?<\/strong><span class=\"details-toggle-marker\">\n<svg class=\"ifsd-svg-chevron ifsd-chevron-down\" xmlns=\"http:\/\/www.w3.org\/2000\/svg\" viewbox=\"0 0 100 100\" preserveAspectRatio=\"xMidYMid\">\n\t<g class=\"ifsd-svg-chevron-group\" stroke-width=\"2\">\n\t\t<line vector-effect=\"non-scaling-stroke\" class=\"ifsd-svg-chevron-line1\" x1=\"10\" y1=\"50\" x2=\"50\" y2=\"50\" \/>\n\t\t<line vector-effect=\"non-scaling-stroke\" class=\"ifsd-svg-chevron-line2\" x1=\"90\" y1=\"50\" x2=\"50\" y2=\"50\" \/>\n\t<\/g>    \n<\/svg><\/span><\/summary><div class=\"details-content-wrapper\"><div class=\"details-content-inner\">\n<p>La phase 3 privil\u00e9giera la concr\u00e9tisation du bien-\u00eatre des Premi\u00e8res Nations, des familles et des enfants en&nbsp;<strong>prenant appui sur les phases pr\u00e9c\u00e9dentes<\/strong>&nbsp;(phases&nbsp;1&nbsp;et&nbsp;2) et en les&nbsp;<strong>distillant en mod\u00e8les d\u2019ex\u00e9cution distincts centr\u00e9s sur les Premi\u00e8res Nations<\/strong>, qui auront un impact transformateur sur la strat\u00e9gie organisationnelle, les individus, les processus et les syst\u00e8mes. Elle vise \u00e0&nbsp;<strong>renforcer les capacit\u00e9s et \u00e0 implanter un meilleur cadre de planification ascendant<\/strong>&nbsp;pour les agences de SEFPN et les Premi\u00e8res Nations, tout en instaurant un plus grand sentiment de confiance chez les intervenants.<\/p>\n\n\n\n<p><a href=\"https:\/\/ifsd.ca\/fr\/apercu-du-projet\/\">Voir notre vue d\u2019ensemble du projet<\/a>&nbsp;<\/p>\n<\/div><\/div><\/details>\n\n\n\n<details class=\"wp-block-details is-style-ifsd-boxed-details is-layout-flow wp-block-details-is-layout-flow\"><summary><strong>Comment puis-je participer et partager mes exp\u00e9riences ?<\/strong><span class=\"details-toggle-marker\">\n<svg class=\"ifsd-svg-chevron ifsd-chevron-down\" xmlns=\"http:\/\/www.w3.org\/2000\/svg\" viewbox=\"0 0 100 100\" preserveAspectRatio=\"xMidYMid\">\n\t<g class=\"ifsd-svg-chevron-group\" stroke-width=\"2\">\n\t\t<line vector-effect=\"non-scaling-stroke\" class=\"ifsd-svg-chevron-line1\" x1=\"10\" y1=\"50\" x2=\"50\" y2=\"50\" \/>\n\t\t<line vector-effect=\"non-scaling-stroke\" class=\"ifsd-svg-chevron-line2\" x1=\"90\" y1=\"50\" x2=\"50\" y2=\"50\" \/>\n\t<\/g>    \n<\/svg><\/span><\/summary><div class=\"details-content-wrapper\"><div class=\"details-content-inner\">\n<ol class=\"wp-block-list\">\n<li>Partagez vos exp\u00e9riences en r\u00e9pondant \u00e0 un questionnaire sur votre financement, vos besoins en ressources et vos programmes. Vous pouvez acc\u00e9der au questionnaire ICI ou participer \u00e0 une s\u00e9ance de travail virtuelle en communiquant avec&nbsp;<a href=\"mailto:helaina.gaspard@ifsd.ca\">helaina.gaspard@ifsd.ca<\/a>.<\/li>\n\n\n\n<li>Offrez vos services comme collaborateur de recherche. Les collaborateurs de recherche disposeront de budgets et de plans de fonctionnement d\u00e9taill\u00e9s; en plus, on \u00e9valuera leurs besoins en capital et l\u2019on tiendra compte des consid\u00e9rations relatives \u00e0 la transition. Il s\u2019agit d\u2019un engagement pluriannuel qui n\u00e9cessitera la communication d\u2019une abondance de renseignements et de donn\u00e9es financi\u00e8res, des visites sur place et la mise \u00e0 l\u2019essai de divers outils et approches. L\u2019IFPD peut vous aider \u00e0 participer. Si vous aimeriez contribuer en tant que collaborateur de recherche, contactez&nbsp;<a href=\"mailto:helaina.gaspard@ifsd.ca\">helaina.gaspard@ifsd.ca<\/a>.<\/li>\n<\/ol>\n<\/div><\/div><\/details>\n\n\n\n<details class=\"wp-block-details is-style-ifsd-boxed-details is-layout-flow wp-block-details-is-layout-flow\"><summary><strong>Quelle a \u00e9t\u00e9 l\u2019impulsion de d\u00e9part du projet ?<\/strong><span class=\"details-toggle-marker\">\n<svg class=\"ifsd-svg-chevron ifsd-chevron-down\" xmlns=\"http:\/\/www.w3.org\/2000\/svg\" viewbox=\"0 0 100 100\" preserveAspectRatio=\"xMidYMid\">\n\t<g class=\"ifsd-svg-chevron-group\" stroke-width=\"2\">\n\t\t<line vector-effect=\"non-scaling-stroke\" class=\"ifsd-svg-chevron-line1\" x1=\"10\" y1=\"50\" x2=\"50\" y2=\"50\" \/>\n\t\t<line vector-effect=\"non-scaling-stroke\" class=\"ifsd-svg-chevron-line2\" x1=\"90\" y1=\"50\" x2=\"50\" y2=\"50\" \/>\n\t<\/g>    \n<\/svg><\/span><\/summary><div class=\"details-content-wrapper\"><div class=\"details-content-inner\">\n<p>Le Tribunal canadien des droits de la personne (TCDP), dans sa d\u00e9cision de janvier 2016 et ses d\u00e9cisions ult\u00e9rieures, a jug\u00e9 discriminatoire l\u2019approche de financement du Canada envers les agences de SEFPN. Le Canada s\u2019est s\u2019engag\u00e9 \u00e0 donner suite aux ordonnances du Tribunal.&nbsp;<a href=\"https:\/\/fncaringsociety.com\/fr\/%C3%AAtre-t%C3%A9moin-calendrier-et-documents\">On peut prendre connaissance ici du jugement du Tribunal canadien des droits de la personne<\/a>.<\/p>\n<\/div><\/div><\/details>\n\n\n\n<details class=\"wp-block-details is-style-ifsd-boxed-details is-layout-flow wp-block-details-is-layout-flow\"><summary><strong>Quelles sont les lignes directrices du projet en mati\u00e8re d\u2019\u00e9thique ?<\/strong><span class=\"details-toggle-marker\">\n<svg class=\"ifsd-svg-chevron ifsd-chevron-down\" xmlns=\"http:\/\/www.w3.org\/2000\/svg\" viewbox=\"0 0 100 100\" preserveAspectRatio=\"xMidYMid\">\n\t<g class=\"ifsd-svg-chevron-group\" stroke-width=\"2\">\n\t\t<line vector-effect=\"non-scaling-stroke\" class=\"ifsd-svg-chevron-line1\" x1=\"10\" y1=\"50\" x2=\"50\" y2=\"50\" \/>\n\t\t<line vector-effect=\"non-scaling-stroke\" class=\"ifsd-svg-chevron-line2\" x1=\"90\" y1=\"50\" x2=\"50\" y2=\"50\" \/>\n\t<\/g>    \n<\/svg><\/span><\/summary><div class=\"details-content-wrapper\"><div class=\"details-content-inner\">\n<p>L\u2019IFPD a adopt\u00e9 pour ce projet une approche collaborative reposant sur les&nbsp;<a href=\"http:\/\/fnigc.ca\/ocap.html\" target=\"_blank\" rel=\"noreferrer noopener\">principes de PCAP\u00ae<\/a>&nbsp;(propri\u00e9t\u00e9, contr\u00f4le, acc\u00e8s et possession).<\/p>\n<\/div><\/div><\/details>\n\n\n\n<details class=\"wp-block-details is-style-ifsd-boxed-details is-layout-flow wp-block-details-is-layout-flow\"><summary><strong>Qui participe au projet ?<\/strong><span class=\"details-toggle-marker\">\n<svg class=\"ifsd-svg-chevron ifsd-chevron-down\" xmlns=\"http:\/\/www.w3.org\/2000\/svg\" viewbox=\"0 0 100 100\" preserveAspectRatio=\"xMidYMid\">\n\t<g class=\"ifsd-svg-chevron-group\" stroke-width=\"2\">\n\t\t<line vector-effect=\"non-scaling-stroke\" class=\"ifsd-svg-chevron-line1\" x1=\"10\" y1=\"50\" x2=\"50\" y2=\"50\" \/>\n\t\t<line vector-effect=\"non-scaling-stroke\" class=\"ifsd-svg-chevron-line2\" x1=\"90\" y1=\"50\" x2=\"50\" y2=\"50\" \/>\n\t<\/g>    \n<\/svg><\/span><\/summary><div class=\"details-content-wrapper\"><div class=\"details-content-inner\">\n<p>L\u2019<a href=\"https:\/\/www.ifsd.ca\/fr\/\">IFPD<\/a>&nbsp;est honor\u00e9 de collaborer avec les agences des services \u00e0 l\u2019enfance et \u00e0 la famille des Premi\u00e8res Nations, les Premi\u00e8res Nations, le Comit\u00e9 consultatif national (CCN) sur les services \u00e0 l\u2019enfance et \u00e0 la famille des Premi\u00e8res Nations, l\u2019<a href=\"http:\/\/www.afn.ca\/\" target=\"_blank\" rel=\"noreferrer noopener\">Assembl\u00e9e des Premi\u00e8res Nations<\/a>&nbsp;(APN) et la<a href=\"https:\/\/fncaringsociety.com\/\" target=\"_blank\" rel=\"noreferrer noopener\">&nbsp;Soci\u00e9t\u00e9 de soutien \u00e0 l\u2019enfance et \u00e0 la famille des Premi\u00e8res Nations<\/a>.<\/p>\n<\/div><\/div><\/details>\n\n\n\n<details class=\"wp-block-details is-style-ifsd-boxed-details is-layout-flow wp-block-details-is-layout-flow\"><summary><strong>Qu\u2019arrive-t-il aux renseignements que je communique \u00e0 l\u2019IFPD ?<\/strong><span class=\"details-toggle-marker\">\n<svg class=\"ifsd-svg-chevron ifsd-chevron-down\" xmlns=\"http:\/\/www.w3.org\/2000\/svg\" viewbox=\"0 0 100 100\" preserveAspectRatio=\"xMidYMid\">\n\t<g class=\"ifsd-svg-chevron-group\" stroke-width=\"2\">\n\t\t<line vector-effect=\"non-scaling-stroke\" class=\"ifsd-svg-chevron-line1\" x1=\"10\" y1=\"50\" x2=\"50\" y2=\"50\" \/>\n\t\t<line vector-effect=\"non-scaling-stroke\" class=\"ifsd-svg-chevron-line2\" x1=\"90\" y1=\"50\" x2=\"50\" y2=\"50\" \/>\n\t<\/g>    \n<\/svg><\/span><\/summary><div class=\"details-content-wrapper\"><div class=\"details-content-inner\">\n<p>L\u2019IFPD se conforme aux principes de PCAP\u00ae (propri\u00e9t\u00e9, contr\u00f4le, acc\u00e8s et possession).&nbsp;Nous avons demand\u00e9 au Centre de gouvernance de l\u2019information des Premi\u00e8res Nations (CGIPN) d\u2019effectuer un examen technique de nos outils et documents qui incorpore les principes de PCAP\u00ae et de saine gouvernance des donn\u00e9es.<\/p>\n\n\n\n<p><em>Tout renseignement diffus\u00e9 publiquement sera agr\u00e9g\u00e9 et\/ou anonymis\u00e9 de mani\u00e8re \u00e0 prot\u00e9ger la vie priv\u00e9e des collaborateurs.<\/em><\/p>\n\n\n\n<p>Les donn\u00e9es communiqu\u00e9es aideront \u00e0 formuler des mod\u00e8les, des outils, des rapports, des briefings et des aides \u00e0 la d\u00e9cision pour les parties concern\u00e9es.<\/p>\n\n\n\n<p>Toutes les donn\u00e9es fournies par les agences de SEFPN seront conserv\u00e9es dans un syst\u00e8me de stockage infonuagique prot\u00e9g\u00e9 par mot de passe (OneDrive), dont tous les serveurs sont h\u00e9berg\u00e9s au Canada. Seuls les membres du personnel de l\u2019IFPD qui contribuent directement \u00e0 ce projet auront acc\u00e8s aux donn\u00e9es.<\/p>\n\n\n\n<p>Les collaborateurs de recherche et les participants peuvent se retirer \u00e0 tout moment, auquel cas l\u2019IFPD d\u00e9truira toutes les donn\u00e9es qu\u2019ils auront communiqu\u00e9es<\/p>\n<\/div><\/div><\/details>\n\n\n\n<details class=\"wp-block-details is-style-ifsd-boxed-details is-layout-flow wp-block-details-is-layout-flow\"><summary><strong>Quand pourrai-je prendre connaissance des r\u00e9sultats du projet ?<\/strong><span class=\"details-toggle-marker\">\n<svg class=\"ifsd-svg-chevron ifsd-chevron-down\" xmlns=\"http:\/\/www.w3.org\/2000\/svg\" viewbox=\"0 0 100 100\" preserveAspectRatio=\"xMidYMid\">\n\t<g class=\"ifsd-svg-chevron-group\" stroke-width=\"2\">\n\t\t<line vector-effect=\"non-scaling-stroke\" class=\"ifsd-svg-chevron-line1\" x1=\"10\" y1=\"50\" x2=\"50\" y2=\"50\" \/>\n\t\t<line vector-effect=\"non-scaling-stroke\" class=\"ifsd-svg-chevron-line2\" x1=\"90\" y1=\"50\" x2=\"50\" y2=\"50\" \/>\n\t<\/g>    \n<\/svg><\/span><\/summary><div class=\"details-content-wrapper\"><div class=\"details-content-inner\">\n<p>Chaque mois, l\u2019IFPD publiera des r\u00e9sultats provisoires sur ses pages Web et dans des mises \u00e0 jour destin\u00e9es aux parties prenantes. Les agences de SEFPN et les Premi\u00e8res Nations vis\u00e9es par les \u00e9tudes de cas continueront de poss\u00e9der et de contr\u00f4ler leurs informations tout au long du projet. L\u2019ensemble du projet devrait prendre fin pour f\u00e9vrier 2025.<\/p>\n<\/div><\/div><\/details>\n\n\n\n<div style=\"height:200px\" aria-hidden=\"true\" class=\"wp-block-spacer\"><\/div>\n<\/div>\n\n\n\n<div class=\"wp-block-group alignfull has-bg-grey-background-color has-background has-global-padding is-layout-constrained wp-block-group-is-layout-constrained\">\n<div style=\"height:100px\" aria-hidden=\"true\" class=\"wp-block-spacer\"><\/div>\n\n\n\n<div class=\"wp-block-columns is-layout-flex wp-container-core-columns-is-layout-28f84493 wp-block-columns-is-layout-flex\">\n<div class=\"wp-block-column is-layout-flow wp-block-column-is-layout-flow\" style=\"flex-basis:33.33%\">\n<div class=\"wp-block-buttons is-layout-flex wp-block-buttons-is-layout-flex\">\n<div class=\"wp-block-button is-style-ifsd-return-button\"><a class=\"wp-block-button__link wp-element-button\" href=\"https:\/\/ifsd.ca\/fr\/sefpn\/agences\/\">Retourner<\/a><\/div>\n<\/div>\n<\/div>\n<\/div>\n\n\n\n<div style=\"height:100px\" aria-hidden=\"true\" class=\"wp-block-spacer\"><\/div>\n<\/div>\n","protected":false},"excerpt":{"rendered":"<p>SEFPN Retourner Agences de SEFPN Questions fr\u00e9quemment pos\u00e9es Au sujet du projet des SEFPN<\/p>\n","protected":false},"author":1,"featured_media":0,"parent":3411,"menu_order":600,"comment_status":"closed","ping_status":"closed","template":"","meta":{"_acf_changed":false,"footnotes":""},"class_list":["post-3221","page","type-page","status-publish","hentry"],"acf":[],"_links":{"self":[{"href":"https:\/\/ifsd.ca\/fr\/wp-json\/wp\/v2\/pages\/3221","targetHints":{"allow":["GET"]}}],"collection":[{"href":"https:\/\/ifsd.ca\/fr\/wp-json\/wp\/v2\/pages"}],"about":[{"href":"https:\/\/ifsd.ca\/fr\/wp-json\/wp\/v2\/types\/page"}],"author":[{"embeddable":true,"href":"https:\/\/ifsd.ca\/fr\/wp-json\/wp\/v2\/users\/1"}],"replies":[{"embeddable":true,"href":"https:\/\/ifsd.ca\/fr\/wp-json\/wp\/v2\/comments?post=3221"}],"version-history":[{"count":0,"href":"https:\/\/ifsd.ca\/fr\/wp-json\/wp\/v2\/pages\/3221\/revisions"}],"up":[{"embeddable":true,"href":"https:\/\/ifsd.ca\/fr\/wp-json\/wp\/v2\/pages\/3411"}],"wp:attachment":[{"href":"https:\/\/ifsd.ca\/fr\/wp-json\/wp\/v2\/media?parent=3221"}],"curies":[{"name":"wp","href":"https:\/\/api.w.org\/{rel}","templated":true}]}}